{"id":790,"date":"2017-01-18T13:15:21","date_gmt":"2017-01-18T13:15:21","guid":{"rendered":"http:\/\/gt3demo.com\/wp\/wizelaw\/?page_id=790"},"modified":"2023-04-10T16:51:35","modified_gmt":"2023-04-10T16:51:35","slug":"mission","status":"publish","type":"page","link":"http:\/\/www.sementesurfschool.pt\/pt\/mission\/","title":{"rendered":"Miss\u00e3o"},"content":{"rendered":"<section class=\"wpb-content-wrapper\"><div class=\"container\"><div class=\"vc_row-wrapper\"><div class=\"vc_row wpb_row vc_row-fluid\"  ><div class=\"wpb_column vc_column_container vc_col-sm-12\"><div class=\"vc_column-inner\"><div class=\"wpb_wrapper\"><div data-color=\"#ffffff\" class=\"gt3_custom_text\" style=\"color:#27323d;font-size: 30px; line-height: 140%; \">\n<p style=\"text-align: center;\"><strong>Nossa Miss\u00e3o<\/strong><\/p>\n<\/div>  \n<div class=\"gt3_spacing\"><div class=\"gt3_spacing-height gt3_spacing-height_default\" style=\"height:22px;\"><\/div><\/div>  \n<div class=\"vc_row wpb_row vc_inner vc_row-fluid\" ><div class=\"wpb_column vc_column_container vc_col-sm-10 vc_col-sm-offset-1\"><div class=\"vc_column-inner\"><div class=\"wpb_wrapper\"><div data-color=\"#ffffff\" class=\"gt3_custom_text\" style=\"color:#737d84;font-size: 16px; line-height: 190%; \">\n<p style=\"text-align: center;\">A semente Surf School tem como miss\u00e3o dar aulas de surf, adaptadas para todas as faixas et\u00e1rias, proporcionando aos nossos alunos experi\u00eancias marcantes, evolu\u00e7\u00e3o na pr\u00e1tica da modalidade, sempre acompanhados por profissionais credenciados e garantindo m\u00e1xima seguran\u00e7a e divers\u00e3o.<\/p>\n<\/div>  \n<\/div><\/div><\/div><\/div><div class=\"gt3_spacing\"><div class=\"gt3_spacing-height gt3_spacing-height_default\" style=\"height:42px;\"><\/div><\/div>  \n<div class=\"gt3_spacing\"><div class=\"gt3_spacing-height gt3_spacing-height_default\" style=\"height:42px;\"><\/div><\/div>  \n<div class=\"gt3_practice_list\"><div class=\"gt3_practice_list__posts-container row\"><article class=\"gt3_practice_list__item span3 item_38 item_21\"><div class=\"gt3_practice_list__image-holder\"><a href=\"http:\/\/www.sementesurfschool.pt\/pt\/practice\/lessons-for-kids\/\" class=\"gt3_practice_list__image_link\"><img decoding=\"async\"  src=\"http:\/\/www.sementesurfschool.pt\/wp-content\/uploads\/2020\/05\/Experiencias-AC-scaled-586x446.jpg\" alt=\"Kids Lessons\" \/><\/a><\/div><div class=\"gt3_practice_list__content\"><h4 class=\"gt3_practice_list__title\">Aulas para Crian\u00e7as<\/h4><div class=\"gt3_practice_list__text\">Our kids group lessons runs daily at 9am and 16pm. We will teach your child with...<\/div><\/div><\/article><article class=\"gt3_practice_list__item span3 item_45 item_44 item_43 item_21\"><div class=\"gt3_practice_list__image-holder\"><a href=\"http:\/\/www.sementesurfschool.pt\/pt\/practice\/shape-workshop\/\" class=\"gt3_practice_list__image_link\"><img decoding=\"async\"  src=\"http:\/\/www.sementesurfschool.pt\/wp-content\/uploads\/2023\/04\/semente_surf_school_nick-586x446.jpg\" alt=\"Shape Workshop\" \/><\/a><\/div><div class=\"gt3_practice_list__content\"><h4 class=\"gt3_practice_list__title\">Workshop de Shape<\/h4><div class=\"gt3_practice_list__text\">Podemos oferecer uma esperi\u00eancia de qualidade profissional com um dos melhores shapers<\/div><\/div><\/article><article class=\"gt3_practice_list__item span3 item_40 item_21\"><div class=\"gt3_practice_list__image-holder\"><a href=\"http:\/\/www.sementesurfschool.pt\/pt\/practice\/group-lessons\/\" class=\"gt3_practice_list__image_link\"><img decoding=\"async\"  src=\"http:\/\/www.sementesurfschool.pt\/wp-content\/uploads\/2020\/05\/Experiencias-AG-scaled-586x446.jpg\" alt=\"Group Lessons\" \/><\/a><\/div><div class=\"gt3_practice_list__content\"><h4 class=\"gt3_practice_list__title\">Aulas de Grupo<\/h4><div class=\"gt3_practice_list__text\">Nossas aulas particulares em grupo s\u00e3o para grupos de 3 ou mais pessoas. Nossas aulas s\u00e3o \u00f3timas para...<\/div><\/div><\/article><article class=\"gt3_practice_list__item span3 item_39 item_21\"><div class=\"gt3_practice_list__image-holder\"><a href=\"http:\/\/www.sementesurfschool.pt\/pt\/practice\/private-lessons\/\" class=\"gt3_practice_list__image_link\"><img decoding=\"async\"  src=\"http:\/\/www.sementesurfschool.pt\/wp-content\/uploads\/2020\/05\/semente_surfschool_aulas_particulares_370x420-586x446.png\" alt=\"Private Lessons\" \/><\/a><\/div><div class=\"gt3_practice_list__content\"><h4 class=\"gt3_practice_list__title\">Aulas Particulares<\/h4><div class=\"gt3_practice_list__text\">A Semente Surf School oferece aulas de surf privadas que permitem aos alunos trabalhar com o instrutor...<\/div><\/div><\/article><\/div><\/div><\/div><\/div><\/div><\/div><\/div><\/div><div data-vc-full-width=\"true\" data-vc-full-width-init=\"false\" data-vc-stretch-content=\"true\" class=\"vc_row-wrapper vc_row wpb_row vc_row-fluid vc_column-gap-15\"><div class=\"wpb_column vc_column_container vc_col-sm-12\"><div class=\"vc_column-inner\"><div class=\"wpb_wrapper\"><div class=\"gt3_spacing\"><div class=\"gt3_spacing-height gt3_spacing-height_default\" style=\"height:30px;\"><\/div><\/div>  \n<div class=\"gt3_module_button gt3_btn_customize button_alignment_center\"><a class=\"button_size_large\" href=\"https:\/\/www.sementesurfschool.pt\/pt\/contacts\/\" title=\"Contactos\"  style=\"background-color: #eb5e6e; border-width: 1px; border-style: solid; border-radius: 3px; border-color: #eb5e6e; \" data-default-bg=\"#eb5e6e\" data-default-border=\"#eb5e6e\" data-hover-color=\"#eb5e6e\" data-hover-border=\"#eb5e6e\" ><span class=\"gt3_btn_text\">Contacta-nos<\/span><\/a><\/div>\n<div class=\"gt3_spacing gt3_spacing-height_mobile-on\"><div class=\"gt3_spacing-height gt3_spacing-height_default\" style=\"height:73px;\"><\/div> <div class=\"gt3_spacing-height gt3_spacing-height_mobile\" style=\"height:40px;\"><\/div><\/div>  \n<\/div><\/div><\/div><\/div><div class=\"vc_row-full-width vc_clearfix\"><\/div><div data-vc-full-width=\"true\" data-vc-full-width-init=\"false\" class=\"vc_row-wrapper vc_custom_1526539972788\"><div class=\"container\"><div class=\"vc_row wpb_row vc_row-fluid vc_row-has-fill\"  ><div class=\"wpb_column vc_column_container vc_col-sm-12\"><div class=\"vc_column-inner\"><div class=\"wpb_wrapper\"><div class=\"gt3_spacing gt3_spacing-height_mobile-on\"><div class=\"gt3_spacing-height gt3_spacing-height_default\" style=\"height:57px;\"><\/div> <div class=\"gt3_spacing-height gt3_spacing-height_mobile\" style=\"height:37px;\"><\/div><\/div>  \n\n\n<div class=\"vc_row\">\n    <div class=\"vc_col-sm-12 module_team  module_on_dark_bg\">\n    <h3 class=\"module-team_title\">Conhe\u00e7a a nossa equipa<\/h3><p>Queremos garantir que tenha a melhor experi\u00eancia poss\u00edvel no oceano. A nossa equipe \u00e9 formada por entusiastas do surf locais e internacionais. Abra\u00e7ando o estilo de vida do surf, n\u00e3o s\u00e3o apenas surfistas de alma, mas tamb\u00e9m s\u00e3o especialistas qualificados em seguran\u00e7a aqu\u00e1tica, certificados em RCP e primeiros socorros!<\/p>    \t<div class=\"shortcode_team\">\n\t        <div class=\"items2\">\n\t        \t          <ul class=\"item_list\"  style=\"margin-right:-20px\" >\n\t         \t\t\r\n            <li class=\"item-team-member surf-instructor\"  style=\"padding-right:20px;padding-bottom:20px\">\r\n                <div class=\"item_wrapper\">\r\n                    <div class=\"item\">\r\n                        <div class=\"team_img featured_img\">\r\n                            <span> <img decoding=\"async\"  src=\"http:\/\/www.sementesurfschool.pt\/wp-content\/uploads\/2020\/01\/Equipa-2_miguel-585x585.png\" alt=\"Miguel Portela Uricchio\" \/><\/span>\r\n                        <\/div>\r\n                       <a class=\"team__link-to-single\" href=\"http:\/\/www.sementesurfschool.pt\/pt\/team\/miguel\/\"><\/a>\r\n\t\t\t\t\t\t<div class=\"member-icons\"><div class=\"team-icons\"><a href=\"https:\/\/www.facebook.com\/miguel.portela1\" class=\"member-icon fa fa-facebook\"><\/a><a href=\"https:\/\/www.instagram.com\/miguel_portela_uricchio\/\" class=\"member-icon fa fa-instagram\"><\/a><\/div><\/div>                        \r\n                        <div class=\"team-infobox\">\r\n                            <div class=\"team_title\">\r\n                                <h4><a href=\"http:\/\/www.sementesurfschool.pt\/pt\/team\/miguel\/\">Miguel Portela Uricchio<\/a><\/h4><span class=\"team-positions\"><span>Instrutor<\/span>, <span>Fundador<\/span><\/span>\r\n                            <\/div>\r\n                            \r\n                        <\/div>\r\n                    <\/div>\r\n                <\/div>\r\n            <\/li>\r\n            \r\n            <li class=\"item-team-member surf-instructor\"  style=\"padding-right:20px;padding-bottom:20px\">\r\n                <div class=\"item_wrapper\">\r\n                    <div class=\"item\">\r\n                        <div class=\"team_img featured_img\">\r\n                            <span> <img decoding=\"async\"  src=\"http:\/\/www.sementesurfschool.pt\/wp-content\/uploads\/2020\/01\/Equipa_lourenco-585x585.png\" alt=\"Louren\u00e7o Katzenstein\" \/><\/span>\r\n                        <\/div>\r\n                       <a class=\"team__link-to-single\" href=\"http:\/\/www.sementesurfschool.pt\/pt\/team\/lourenco_katzenstein\/\"><\/a>\r\n\t\t\t\t\t\t<div class=\"member-icons\"><div class=\"team-icons\"><a href=\"https:\/\/www.instagram.com\/katzsurf\/\" class=\"member-icon fa fa-instagram\"><\/a><\/div><\/div>                        \r\n                        <div class=\"team-infobox\">\r\n                            <div class=\"team_title\">\r\n                                <h4><a href=\"http:\/\/www.sementesurfschool.pt\/pt\/team\/lourenco_katzenstein\/\">Louren\u00e7o Katzenstein<\/a><\/h4><span class=\"team-positions\"><span>Surf Instructor<\/span>, <span>Fundador<\/span><\/span>\r\n                            <\/div>\r\n                            \r\n                        <\/div>\r\n                    <\/div>\r\n                <\/div>\r\n            <\/li>\r\n            \t            <\/ul>\n\t            <div class=\"clear\"><\/div>\n\t        <\/div>\n    \t<\/div>\n    <\/div>\n<\/div><div class=\"gt3_spacing gt3_spacing-height_mobile-on\"><div class=\"gt3_spacing-height gt3_spacing-height_default\" style=\"height:30px;\"><\/div> <div class=\"gt3_spacing-height gt3_spacing-height_mobile\" style=\"height:0px;\"><\/div><\/div>  \n<\/div><\/div><\/div><\/div><\/div><\/div><div class=\"vc_row-full-width vc_clearfix\"><\/div><div data-vc-full-width=\"true\" data-vc-full-width-init=\"false\" class=\"vc_row-wrapper vc_custom_1526454970407\"><div class=\"container\"><div class=\"vc_row wpb_row vc_row-fluid  gt3_brands_list vc_row-has-fill vc_row-o-equal-height vc_row-o-content-middle vc_row-flex\"  ><div class=\"wpb_column vc_column_container vc_col-sm-4\"><div class=\"vc_column-inner\"><div class=\"wpb_wrapper\"><div class=\"gt3_spacing\"><div class=\"gt3_spacing-height gt3_spacing-height_default\" style=\"height:7px;\"><\/div><\/div>  \n\n\t<div  class=\"wpb_single_image wpb_content_element vc_align_center\">\n\t\t\n\t\t<figure class=\"wpb_wrapper vc_figure\">\n\t\t\t<a href=\"http:\/\/www.bluebuddhalodges.com\/\" target=\"_blank\" class=\"vc_single_image-wrapper   vc_box_border_grey\"><img loading=\"lazy\" decoding=\"async\" width=\"240\" height=\"60\" src=\"http:\/\/www.sementesurfschool.pt\/wp-content\/uploads\/2023\/04\/semente_surf_school_logo_blue_buddha.png\" class=\"vc_single_image-img attachment-full\" alt=\"\" title=\"semente_surf_school_logo_blue_buddha\" \/><\/a>\n\t\t<\/figure>\n\t<\/div>\n<div class=\"gt3_spacing gt3_spacing-height_mobile-on\"><div class=\"gt3_spacing-height gt3_spacing-height_default\" style=\"height:102px;\"><\/div> <div class=\"gt3_spacing-height gt3_spacing-height_mobile\" style=\"height:0px;\"><\/div><\/div>  \n<\/div><\/div><\/div><div class=\"wpb_column vc_column_container vc_col-sm-4\"><div class=\"vc_column-inner\"><div class=\"wpb_wrapper\"><div class=\"gt3_spacing gt3_spacing-height_mobile-on\"><div class=\"gt3_spacing-height gt3_spacing-height_default\" style=\"height:7px;\"><\/div> <div class=\"gt3_spacing-height gt3_spacing-height_mobile\" style=\"height:0px;\"><\/div><\/div>  \n\n\t<div  class=\"wpb_single_image wpb_content_element vc_align_center\">\n\t\t\n\t\t<figure class=\"wpb_wrapper vc_figure\">\n\t\t\t<a href=\"https:\/\/www.visitportugal.com\/pt-pt\" target=\"_blank\" class=\"vc_single_image-wrapper   vc_box_border_grey\"><img loading=\"lazy\" decoding=\"async\" width=\"240\" height=\"60\" src=\"http:\/\/www.sementesurfschool.pt\/wp-content\/uploads\/2023\/04\/semente_surf_school_logo_turismo_portugal_b.png\" class=\"vc_single_image-img attachment-full\" alt=\"\" title=\"semente_surf_school_logo_turismo_portugal_b\" \/><\/a>\n\t\t<\/figure>\n\t<\/div>\n<div class=\"gt3_spacing gt3_spacing-height_mobile-on\"><div class=\"gt3_spacing-height gt3_spacing-height_default\" style=\"height:102px;\"><\/div> <div class=\"gt3_spacing-height gt3_spacing-height_mobile\" style=\"height:0px;\"><\/div><\/div>  \n<\/div><\/div><\/div><div class=\"wpb_column vc_column_container vc_col-sm-4\"><div class=\"vc_column-inner\"><div class=\"wpb_wrapper\"><div class=\"gt3_spacing gt3_spacing-height_mobile-on\"><div class=\"gt3_spacing-height gt3_spacing-height_default\" style=\"height:7px;\"><\/div> <div class=\"gt3_spacing-height gt3_spacing-height_mobile\" style=\"height:0px;\"><\/div><\/div>  \n\n\t<div  class=\"wpb_single_image wpb_content_element vc_align_center\">\n\t\t\n\t\t<figure class=\"wpb_wrapper vc_figure\">\n\t\t\t<a href=\"https:\/\/www.semente.pt\/en\/\" target=\"_blank\" class=\"vc_single_image-wrapper   vc_box_border_grey\"><img loading=\"lazy\" decoding=\"async\" width=\"240\" height=\"60\" src=\"http:\/\/www.sementesurfschool.pt\/wp-content\/uploads\/2023\/04\/semente_surf_school_logo_semente.png\" class=\"vc_single_image-img attachment-full\" alt=\"\" title=\"semente_surf_school_logo_semente\" \/><\/a>\n\t\t<\/figure>\n\t<\/div>\n<div class=\"gt3_spacing gt3_spacing-height_mobile-on\"><div class=\"gt3_spacing-height gt3_spacing-height_default\" style=\"height:102px;\"><\/div> <div class=\"gt3_spacing-height gt3_spacing-height_mobile\" style=\"height:0px;\"><\/div><\/div>  \n<\/div><\/div><\/div><\/div><\/div><\/div><div class=\"vc_row-full-width vc_clearfix\"><\/div>\n<\/section>","protected":false},"excerpt":{"rendered":"Personal Experience Louren\u00e7o is one of the bests Portuguese\u2019s surfers from his generation and from a young age fell in love with big waves. Local surfer from Ericeira, with a surf tradition running in his family, he decided not to follow the traditional surf performance path and specialized on perfect waves and barrels. This way [...]","protected":false},"author":1,"featured_media":0,"parent":0,"menu_order":0,"comment_status":"closed","ping_status":"closed","template":"full-width.php","meta":{"_monsterinsights_skip_tracking":false,"_monsterinsights_sitenote_active":false,"_monsterinsights_sitenote_note":"","_monsterinsights_sitenote_category":0,"_joinchat":[],"footnotes":""},"class_list":["post-790","page","type-page","status-publish","hentry"],"aioseo_notices":[],"_links":{"self":[{"href":"http:\/\/www.sementesurfschool.pt\/pt\/wp-json\/wp\/v2\/pages\/790","targetHints":{"allow":["GET"]}}],"collection":[{"href":"http:\/\/www.sementesurfschool.pt\/pt\/wp-json\/wp\/v2\/pages"}],"about":[{"href":"http:\/\/www.sementesurfschool.pt\/pt\/wp-json\/wp\/v2\/types\/page"}],"author":[{"embeddable":true,"href":"http:\/\/www.sementesurfschool.pt\/pt\/wp-json\/wp\/v2\/users\/1"}],"replies":[{"embeddable":true,"href":"http:\/\/www.sementesurfschool.pt\/pt\/wp-json\/wp\/v2\/comments?post=790"}],"version-history":[{"count":13,"href":"http:\/\/www.sementesurfschool.pt\/pt\/wp-json\/wp\/v2\/pages\/790\/revisions"}],"predecessor-version":[{"id":4548,"href":"http:\/\/www.sementesurfschool.pt\/pt\/wp-json\/wp\/v2\/pages\/790\/revisions\/4548"}],"wp:attachment":[{"href":"http:\/\/www.sementesurfschool.pt\/pt\/wp-json\/wp\/v2\/media?parent=790"}],"curies":[{"name":"wp","href":"https:\/\/api.w.org\/{rel}","templated":true}]}}