{"id":692,"date":"2017-01-18T09:47:33","date_gmt":"2017-01-18T09:47:33","guid":{"rendered":"http:\/\/gt3demo.com\/wp\/wizelaw\/?page_id=692"},"modified":"2023-04-11T09:16:35","modified_gmt":"2023-04-11T09:16:35","slug":"about-us","status":"publish","type":"page","link":"http:\/\/www.sementesurfschool.pt\/pt\/about-us\/","title":{"rendered":"Sobre N\u00f3s"},"content":{"rendered":"<section class=\"wpb-content-wrapper\"><div data-vc-full-width=\"true\" data-vc-full-width-init=\"false\" class=\"vc_row-wrapper vc_custom_1681130607753\"><div class=\"container\"><div class=\"vc_row wpb_row vc_row-fluid vc_row-has-fill\"  ><div class=\"wpb_column vc_column_container vc_col-sm-6\"><div class=\"vc_column-inner\"><div class=\"wpb_wrapper\"><\/div><\/div><\/div><div class=\"wpb_column vc_column_container vc_col-sm-6\"><div class=\"vc_column-inner\"><div class=\"wpb_wrapper\"><div class=\"gt3_spacing gt3_spacing-height_mobile-on\"><div class=\"gt3_spacing-height gt3_spacing-height_default\" style=\"height:80px;\"><\/div> <div class=\"gt3_spacing-height gt3_spacing-height_mobile\" style=\"height:0px;\"><\/div><\/div>  \n<div data-color=\"#ffffff\" class=\"gt3_custom_text\" style=\"color:#28323e;font-size: 16px; line-height: 190%; \">A Semente Surf School teve o seu in\u00edcio em 2010 agregada \u00e0 famosa e mais antiga marca de surf portuguesa Semente Surfboards. Voltamos agora com uma nova ger\u00eancia e renovados, com vontade de ensinar e passar a nossa experi\u00eancia a todos os nossos alunos. Os nossos instrutores s\u00e3o todos surfistas locais e experientes.<\/p>\n<p>We teach classes of all levels of surf, from beginners to experienced surfers and to all ages. The classes are given by experienced and certified instructors, always with small groups per instructor, this way we can offer a better attendance to all the students needs, ensuring a better learning\/evolution of surfing.<\/div>  \n<div class=\"gt3_spacing\"><div class=\"gt3_spacing-height gt3_spacing-height_default\" style=\"height:40px;\"><\/div><\/div>  \n\t<div class=\"video-popup-wrapper has_title_no_bg\">\n\t\t<a class=\"video-popup__link swipebox-video\" href=\"https:\/\/www.instagram.com\/reel\/CPpsoUrDv-W\/\" style=\"color: #eb5e6e;\"><\/a>\n\t\t\t\t\t<div><a class=\"swipebox-video\" href=\"https:\/\/www.instagram.com\/reel\/CPpsoUrDv-W\/\"><span class=\"video-popup__title\" style=\"font-size: 14px;line-height:21px;\" >veja como trabalhamos<\/span><\/a><\/div>\n\t\t\t<\/div>\n\t<div class=\"gt3_spacing gt3_spacing-height_mobile-on\"><div class=\"gt3_spacing-height gt3_spacing-height_default\" style=\"height:120px;\"><\/div> <div class=\"gt3_spacing-height gt3_spacing-height_mobile\" style=\"height:60px;\"><\/div><\/div>  \n<\/div><\/div><\/div><\/div><\/div><\/div><div class=\"vc_row-full-width vc_clearfix\"><\/div><div data-vc-full-width=\"true\" data-vc-full-width-init=\"false\" class=\"vc_row-wrapper vc_custom_1526458951439\"><div class=\"container\"><div class=\"vc_row wpb_row vc_row-fluid vc_row-has-fill\"  ><div class=\"wpb_column vc_column_container vc_col-sm-12\"><div class=\"vc_column-inner\"><div class=\"wpb_wrapper\"><div class=\"gt3_spacing gt3_spacing-height_mobile-on\"><div class=\"gt3_spacing-height gt3_spacing-height_default\" style=\"height:57px;\"><\/div> <div class=\"gt3_spacing-height gt3_spacing-height_mobile\" style=\"height:32px;\"><\/div><\/div>  \n<div class=\"vc_row wpb_row vc_inner vc_row-fluid\" ><div class=\"wpb_column vc_column_container vc_col-sm-7\"><div class=\"vc_column-inner\"><div class=\"wpb_wrapper\"><div data-color=\"#ffffff\" class=\"gt3_custom_text\" style=\"color:#ffffff;font-size: 30px; line-height: 100%; \"><strong>Nossas Aulas<\/strong><\/div>  \n<\/div><\/div><\/div><div class=\"wpb_column vc_column_container vc_col-sm-5\"><div class=\"vc_column-inner\"><div class=\"wpb_wrapper\">  \n<\/div><\/div><\/div><\/div><div class=\"gt3_spacing\"><div class=\"gt3_spacing-height gt3_spacing-height_default\" style=\"height:22px;\"><\/div><\/div>  \n<div data-color=\"#ffffff\" class=\"gt3_custom_text\" style=\"color:#c9d4dc;font-size: 16px; line-height: 190%; \">Damos aulas de todos os n\u00edveis de surf, desde iniciantes a surfistas experientes e para todas as idades. As aulas na Semente Surf School s\u00e3o ministradas por instrutores experientes e certificados pela FPS.<\/div>  \n<div class=\"gt3_spacing\"><div class=\"gt3_spacing-height gt3_spacing-height_default\" style=\"height:44px;\"><\/div><\/div>  \n<div class=\"gt3_practice_list module_on_dark\"><div class=\"gt3_practice_list__posts-container row\"><article class=\"gt3_practice_list__item span3 item_38 item_21\"><div class=\"gt3_practice_list__image-holder\"><a href=\"http:\/\/www.sementesurfschool.pt\/pt\/practice\/lessons-for-kids\/\" class=\"gt3_practice_list__image_link\"><img decoding=\"async\"  src=\"http:\/\/www.sementesurfschool.pt\/wp-content\/uploads\/2020\/05\/Experiencias-AC-scaled-586x446.jpg\" alt=\"Kids Lessons\" \/><\/a><\/div><div class=\"gt3_practice_list__content\"><h4 class=\"gt3_practice_list__title\">Aulas para Crian\u00e7as<\/h4><div class=\"gt3_practice_list__text\">Nossas aulas em grupo para crian\u00e7as acontecem diariamente das 9h \u00e0s 16h. Ensinaremos seu filho apenas com profissionais...<\/div><\/div><\/article><article class=\"gt3_practice_list__item span3 item_45 item_44 item_43 item_21\"><div class=\"gt3_practice_list__image-holder\"><a href=\"http:\/\/www.sementesurfschool.pt\/pt\/practice\/shape-workshop\/\" class=\"gt3_practice_list__image_link\"><img decoding=\"async\"  src=\"http:\/\/www.sementesurfschool.pt\/wp-content\/uploads\/2023\/04\/semente_surf_school_nick-586x446.jpg\" alt=\"Shape Workshop\" \/><\/a><\/div><div class=\"gt3_practice_list__content\"><h4 class=\"gt3_practice_list__title\">Workshop de Shape<\/h4><div class=\"gt3_practice_list__text\">Podemos oferecer uma esperi\u00eancia de qualidade profissional com um dos melhores shapers<\/div><\/div><\/article><article class=\"gt3_practice_list__item span3 item_40 item_21\"><div class=\"gt3_practice_list__image-holder\"><a href=\"http:\/\/www.sementesurfschool.pt\/pt\/practice\/group-lessons\/\" class=\"gt3_practice_list__image_link\"><img decoding=\"async\"  src=\"http:\/\/www.sementesurfschool.pt\/wp-content\/uploads\/2020\/05\/Experiencias-AG-scaled-586x446.jpg\" alt=\"Group Lessons\" \/><\/a><\/div><div class=\"gt3_practice_list__content\"><h4 class=\"gt3_practice_list__title\">Aulas de Grupo<\/h4><div class=\"gt3_practice_list__text\">Nossas aulas particulares em grupo s\u00e3o para grupos de 3 ou mais. Nossas aulas s\u00e3o indicadas para iniciantes que desejam..<\/div><\/div><\/article><article class=\"gt3_practice_list__item span3 item_39 item_21\"><div class=\"gt3_practice_list__image-holder\"><a href=\"http:\/\/www.sementesurfschool.pt\/pt\/practice\/private-lessons\/\" class=\"gt3_practice_list__image_link\"><img decoding=\"async\"  src=\"http:\/\/www.sementesurfschool.pt\/wp-content\/uploads\/2020\/05\/semente_surfschool_aulas_particulares_370x420-586x446.png\" alt=\"Private Lessons\" \/><\/a><\/div><div class=\"gt3_practice_list__content\"><h4 class=\"gt3_practice_list__title\">Aulas Particulares<\/h4><div class=\"gt3_practice_list__text\">A Semente Surf School oferece aulas de surf privadas que permitem aos alunos trabalhar com o instrutor...<\/div><\/div><\/article><\/div><\/div><div class=\"gt3_spacing gt3_spacing-height_mobile-on\"><div class=\"gt3_spacing-height gt3_spacing-height_default\" style=\"height:30px;\"><\/div> <div class=\"gt3_spacing-height gt3_spacing-height_mobile\" style=\"height:0px;\"><\/div><\/div>  \n<\/div><\/div><\/div><\/div><\/div><\/div><div class=\"vc_row-full-width vc_clearfix\"><\/div><div data-vc-full-width=\"true\" data-vc-full-width-init=\"false\" class=\"vc_row-wrapper vc_custom_1527669989348 gt3_mask_image\" style=\"-webkit-mask-image: url(http:\/\/www.sementesurfschool.pt\/wp-content\/uploads\/2018\/05\/pattern_top.png);    mask-image: url(http:\/\/www.sementesurfschool.pt\/wp-content\/uploads\/2018\/05\/pattern_top.png);    \"><div class=\"container\"><div class=\"vc_row wpb_row vc_row-fluid vc_row-has-fill\"  ><div class=\"wpb_column vc_column_container vc_col-sm-12\"><div class=\"vc_column-inner\"><div class=\"wpb_wrapper\"><div class=\"gt3_spacing gt3_spacing-height_mobile-on\"><div class=\"gt3_spacing-height gt3_spacing-height_default\" style=\"height:90px;\"><\/div> <div class=\"gt3_spacing-height gt3_spacing-height_mobile\" style=\"height:50px;\"><\/div><\/div>  \n<div data-color=\"#ffffff\" class=\"gt3_custom_text\" style=\"color:#ffffff;font-size: 30px; line-height: 100%; \">\n<p style=\"text-align: center;\"><strong>O Que Dizem Sobre N\u00f3s<\/strong><\/p>\n<\/div>  \n<div class=\"gt3_spacing\"><div class=\"gt3_spacing-height gt3_spacing-height_default\" style=\"height:45px;\"><\/div><\/div>  \n\n\t<div  class=\"wpb_single_image wpb_content_element vc_align_center\">\n\t\t\n\t\t<figure class=\"wpb_wrapper vc_figure\">\n\t\t\t<div class=\"vc_single_image-wrapper   vc_box_border_grey\"><img loading=\"lazy\" decoding=\"async\" width=\"106\" height=\"12\" src=\"http:\/\/www.sementesurfschool.pt\/wp-content\/uploads\/2018\/05\/bg_title_zigzag_separator.png\" class=\"vc_single_image-img attachment-full\" alt=\"\" title=\"bg_title_zigzag_separator\" \/><\/div>\n\t\t<\/figure>\n\t<\/div>\n<div class=\"gt3_spacing\"><div class=\"gt3_spacing-height gt3_spacing-height_default\" style=\"height:23px;\"><\/div><\/div>  \n<div class=\"vc_row wpb_row vc_inner vc_row-fluid testi_02\" ><div class=\"wpb_column vc_column_container vc_col-sm-8 vc_col-sm-offset-2\"><div class=\"vc_column-inner\"><div class=\"wpb_wrapper\"><div class=\"vc_row\">\n    <div class=\"vc_col-sm-12 module_testimonial  active-carousel type4\" data-slides-per-line=\"1\" data-slider-fade=\"1\" data-autoplay-time=\"1200\">\n    \t<div class=\"module_content testimonials_list items1\">\n        \t\n            <div class=\"testimonials_rotator\">\n        <div class=\"testimonials_item\">\n            <div class=\"testimonial_item_wrapper\">\n                <div class=\"testimonials_content\">\n                    <div class=\"testimonials-text\"  style= \" color: #ffffff; font-size: 24px; line-height: 1.5;\"> <span>Such a lovely company to learn surfing from! You can tell, the instructors are passionate about the waves, teaching and making you feel comfortable all the time. Hopefully I\u2019ll be back soon \ud83d\ude0a\ud83e\udd19<\/span><\/div>\n                    <div class=\"testimonials_title\" style=\" color: #ffffff; font-size: 18px;\">Alexandra,<div class=\"testimonial_item_position\">Client<\/div><\/div>\n                    \n                <\/div>\n            <\/div>\n        <\/div>\n\n        <div class=\"testimonials_item\">\n            <div class=\"testimonial_item_wrapper\">\n                <div class=\"testimonials_content\">\n                    <div class=\"testimonials-text\"  style= \" color: #ffffff; font-size: 24px; line-height: 1.5;\"> \n<p style=\"text-align: center;\"><span>I tried now different surf schools and Semente was by far the best. Miguel thaught me many important things. And I improved so well. Even when we had group classes, he had an eye on every individual in the group. Also theequipment was new and good.<\/span><br \/>\n<span>Thank you for your time and see you soon.<\/span><\/p>\n<\/div>\n                    <div class=\"testimonials_title\" style=\" color: #ffffff; font-size: 18px;\">diana diana-schmitz@hotmail.com,<div class=\"testimonial_item_position\">Client<\/div><\/div>\n                    \n                <\/div>\n            <\/div>\n        <\/div>\n\n        <div class=\"testimonials_item\">\n            <div class=\"testimonial_item_wrapper\">\n                <div class=\"testimonials_content\">\n                    <div class=\"testimonials-text\"  style= \" color: #ffffff; font-size: 24px; line-height: 1.5;\"> \n<p style=\"text-align: center;\"><span>We really enjoyed surfing with the guys from Semente.<\/span><br \/>\n<span>They were friendly and consistent in their teaching and managed to find some great breaks for us on friendly sand bottom (not a given at Ericeira)<\/span><br \/>\n<span>Will definitely use them again when I come back next time.<\/span><\/p>\n<\/div>\n                    <div class=\"testimonials_title\" style=\" color: #ffffff; font-size: 18px;\">Anders Truelsen,<div class=\"testimonial_item_position\">Client<\/div><\/div>\n                    \n                <\/div>\n            <\/div>\n        <\/div>\n\n        <div class=\"testimonials_item\">\n            <div class=\"testimonial_item_wrapper\">\n                <div class=\"testimonials_content\">\n                    <div class=\"testimonials-text\"  style= \" color: #ffffff; font-size: 24px; line-height: 1.5;\"> \n<p style=\"text-align: center;\"><span>We tried 3 surf schools in Erriceira, this is by far the best! They take you to a sand beach, they always pay attention and they offer lots of encouragements and feedback. Definitely going again!<\/span><\/p>\n<\/div>\n                    <div class=\"testimonials_title\" style=\" color: #ffffff; font-size: 18px;\">Mihai Ciorobea,<div class=\"testimonial_item_position\">Client<\/div><\/div>\n                    \n                <\/div>\n            <\/div>\n        <\/div>\n\n        <div class=\"testimonials_item\">\n            <div class=\"testimonial_item_wrapper\">\n                <div class=\"testimonials_content\">\n                    <div class=\"testimonials-text\"  style= \" color: #ffffff; font-size: 24px; line-height: 1.5;\"> \n<p style=\"text-align: center;\"><span>I can highly recommend Semente Surf School in Ericeira and their very experienced instructors. They will adapt to the level you&#8217;re in. I had 5 lessons with Miguel and made a lot of progress. I had surf classes 2 years ago in Ericeira but learnt so much more this time around while having more fun too! Not only was Miguel a perfect and supportive instructor, he also shared tips on where to go and what to do around Ericeira and Portugal. Muito obrigado!<\/span><\/p>\n<\/div>\n                    <div class=\"testimonials_title\" style=\" color: #ffffff; font-size: 18px;\">Ingrid CF,<div class=\"testimonial_item_position\">Client<\/div><\/div>\n                    \n                <\/div>\n            <\/div>\n        <\/div>\n\n        <div class=\"testimonials_item\">\n            <div class=\"testimonial_item_wrapper\">\n                <div class=\"testimonials_content\">\n                    <div class=\"testimonials-text\"  style= \" color: #ffffff; font-size: 24px; line-height: 1.5;\"> \n<p style=\"text-align: center;\"><span>we had a really great surf experience with Louren\u00e7o. His explanations were perfect. He always looked at us and helped us the whole time. We felt really comfortable and safe and had a lot of fun. We can truely recommend Louren\u00e7o and the Semente surf school. Thanks a lot.<\/span><\/p>\n<\/div>\n                    <div class=\"testimonials_title\" style=\" color: #ffffff; font-size: 18px;\">Anna Schmidt,<div class=\"testimonial_item_position\">Client<\/div><\/div>\n                    \n                <\/div>\n            <\/div>\n        <\/div>\n<\/div><div class=\"clear\"><\/div>        <\/div>\n    <\/div>\n<\/div><\/div><\/div><\/div><\/div><div class=\"gt3_spacing gt3_spacing-height_mobile-on\"><div class=\"gt3_spacing-height gt3_spacing-height_default\" style=\"height:63px;\"><\/div> <div class=\"gt3_spacing-height gt3_spacing-height_mobile\" style=\"height:43px;\"><\/div><\/div>  \n<\/div><\/div><\/div><\/div><\/div><\/div><div class=\"vc_row-full-width vc_clearfix\"><\/div><div class=\"container\"><div class=\"vc_row-wrapper\"><div class=\"vc_row wpb_row vc_row-fluid\"  ><div class=\"wpb_column vc_column_container vc_col-sm-12\"><div class=\"vc_column-inner\"><div class=\"wpb_wrapper\"><div class=\"gt3_spacing gt3_spacing-height_mobile-on\"><div class=\"gt3_spacing-height gt3_spacing-height_default\" style=\"height:63px;\"><\/div> <div class=\"gt3_spacing-height gt3_spacing-height_mobile\" style=\"height:43px;\"><\/div><\/div>  \n<h2 style=\"text-align: left;font-family:Abril Fatface;font-weight:400;font-style:normal\" class=\"vc_custom_heading\" >Entra em contacto<\/h2>\n<div class=\"wpcf7 no-js\" id=\"wpcf7-f21-o1\" lang=\"en\" dir=\"ltr\" data-wpcf7-id=\"21\">\n<div class=\"screen-reader-response\"><p role=\"status\" aria-live=\"polite\" aria-atomic=\"true\"><\/p> <ul><\/ul><\/div>\n<form action=\"\/pt\/wp-json\/wp\/v2\/pages\/692#wpcf7-f21-o1\" method=\"post\" class=\"wpcf7-form init\" aria-label=\"Formul\u00e1rio de contacto\" novalidate=\"novalidate\" data-status=\"init\" data-trp-original-action=\"\/pt\/wp-json\/wp\/v2\/pages\/692#wpcf7-f21-o1\">\n<fieldset class=\"hidden-fields-container\"><input type=\"hidden\" name=\"_wpcf7\" value=\"21\" \/><input type=\"hidden\" name=\"_wpcf7_version\" value=\"6.1.1\" \/><input type=\"hidden\" name=\"_wpcf7_locale\" value=\"en\" \/><input type=\"hidden\" name=\"_wpcf7_unit_tag\" value=\"wpcf7-f21-o1\" \/><input type=\"hidden\" name=\"_wpcf7_container_post\" value=\"0\" \/><input type=\"hidden\" name=\"_wpcf7_posted_data_hash\" value=\"\" \/>\n<\/fieldset>\n<p><label> Seu Nome<br \/>\n<span class=\"wpcf7-form-control-wrap\" data-name=\"your-name\"><input size=\"40\" maxlength=\"400\" class=\"wpcf7-form-control wpcf7-text wpcf7-validates-as-required\" autocomplete=\"name\" aria-required=\"true\" aria-invalid=\"false\" value=\"\" type=\"text\" name=\"your-name\" \/><\/span> <\/label>\n<\/p>\n<p><label> Seu Email<br \/>\n<span class=\"wpcf7-form-control-wrap\" data-name=\"your-email\"><input size=\"40\" maxlength=\"400\" class=\"wpcf7-form-control wpcf7-email wpcf7-validates-as-required wpcf7-text wpcf7-validates-as-email\" autocomplete=\"email\" aria-required=\"true\" aria-invalid=\"false\" value=\"\" type=\"email\" name=\"your-email\" \/><\/span> <\/label>\n<\/p>\n<p><label> Sujeito<br \/>\n<span class=\"wpcf7-form-control-wrap\" data-name=\"your-subject\"><input size=\"40\" maxlength=\"400\" class=\"wpcf7-form-control wpcf7-text wpcf7-validates-as-required\" aria-required=\"true\" aria-invalid=\"false\" value=\"\" type=\"text\" name=\"your-subject\" \/><\/span> <\/label>\n<\/p>\n<p><label> Mensagem (opcional)<br \/>\n<span class=\"wpcf7-form-control-wrap\" data-name=\"your-message\"><textarea cols=\"40\" rows=\"10\" maxlength=\"2000\" class=\"wpcf7-form-control wpcf7-textarea\" aria-invalid=\"false\" name=\"your-message\"><\/textarea><\/span> <\/label>\n<\/p>\n<p><input class=\"wpcf7-form-control wpcf7-submit has-spinner\" type=\"submit\" value=\"Enviar\" \/>\n<\/p><div class=\"wpcf7-response-output\" aria-hidden=\"true\"><\/div>\n<input type=\"hidden\" name=\"trp-form-language\" value=\"pt\"\/><\/form>\n<\/div>\n<\/div><\/div><\/div><\/div><\/div><\/div>\n<\/section>","protected":false},"excerpt":{"rendered":"Private Lessons We have a service that is adapted to the surf level of our students, focused on the evolution, safety and fun. Always with a personalized support, we have professionals that will adapt the techniques of teaching to your surf level. INCLUDES: Insurance; Transport; Board and wetsuit. &nbsp; Our Instructors We want to make [...]","protected":false},"author":1,"featured_media":0,"parent":0,"menu_order":0,"comment_status":"closed","ping_status":"closed","template":"full-width.php","meta":{"_monsterinsights_skip_tracking":false,"_monsterinsights_sitenote_active":false,"_monsterinsights_sitenote_note":"","_monsterinsights_sitenote_category":0,"_joinchat":[],"footnotes":""},"class_list":["post-692","page","type-page","status-publish","hentry"],"aioseo_notices":[],"_links":{"self":[{"href":"http:\/\/www.sementesurfschool.pt\/pt\/wp-json\/wp\/v2\/pages\/692","targetHints":{"allow":["GET"]}}],"collection":[{"href":"http:\/\/www.sementesurfschool.pt\/pt\/wp-json\/wp\/v2\/pages"}],"about":[{"href":"http:\/\/www.sementesurfschool.pt\/pt\/wp-json\/wp\/v2\/types\/page"}],"author":[{"embeddable":true,"href":"http:\/\/www.sementesurfschool.pt\/pt\/wp-json\/wp\/v2\/users\/1"}],"replies":[{"embeddable":true,"href":"http:\/\/www.sementesurfschool.pt\/pt\/wp-json\/wp\/v2\/comments?post=692"}],"version-history":[{"count":20,"href":"http:\/\/www.sementesurfschool.pt\/pt\/wp-json\/wp\/v2\/pages\/692\/revisions"}],"predecessor-version":[{"id":4585,"href":"http:\/\/www.sementesurfschool.pt\/pt\/wp-json\/wp\/v2\/pages\/692\/revisions\/4585"}],"wp:attachment":[{"href":"http:\/\/www.sementesurfschool.pt\/pt\/wp-json\/wp\/v2\/media?parent=692"}],"curies":[{"name":"wp","href":"https:\/\/api.w.org\/{rel}","templated":true}]}}